{"id":929,"date":"2017-11-06T03:53:30","date_gmt":"2017-11-06T03:53:30","guid":{"rendered":"http:\/\/localhost\/wordpress\/?page_id=929"},"modified":"2024-12-31T01:59:30","modified_gmt":"2024-12-31T00:59:30","slug":"our-team-small","status":"publish","type":"page","link":"https:\/\/stt-inter.com\/?page_id=929","title":{"rendered":"Notre \u00e9quipe"},"content":{"rendered":"<div class=\"wpb-content-wrapper\"><p>[vc_row css=\u00a0\u00bb.vc_custom_1507714178001{margin-bottom: 60px !important;}\u00a0\u00bb][vc_column width=\u00a0\u00bb1\/3&Prime;][cms_team layout_mode=\u00a0\u00bblayout1&Prime; link=\u00a0\u00bburl:%23|title:Cargo%20Pifour||\u00a0\u00bb options=\u00a0\u00bb%5B%7B%22social_link%22%3A%22%23%22%2C%22icon_class%22%3A%22fa%20fa-facebook%22%7D%2C%7B%22social_link%22%3A%22%23%22%2C%22icon_class%22%3A%22fa%20fa-twitter%22%7D%2C%7B%22social_link%22%3A%22%23%22%2C%22icon_class%22%3A%22fa%20fa-google-plus%22%7D%5D\u00a0\u00bb name=\u00a0\u00bbKADJO W. SERGE PACOME\u00a0\u00bb position=\u00a0\u00bbDirecteur G\u00e9n\u00e9ral\u00a0\u00bb phone=\u00a0\u00bb+225 07 57 29 04 29&Prime; email=\u00a0\u00bbserge_kadjo@stt-inter.com\u00a0\u00bb image=\u00a0\u00bb1929&Prime;][\/vc_column][vc_column width=\u00a0\u00bb2\/3&Prime;][vc_column_text css=\u00a0\u00bb\u00a0\u00bb]M. KADJO W. S. PACOME est le fondateur et Directeur G\u00e9n\u00e9ral de STT-INTER, une entreprise qu&rsquo;il a cr\u00e9\u00e9e en <strong>2017<\/strong> avec une vision claire : transformer les d\u00e9fis logistiques, de transit et d&rsquo;import-export en opportunit\u00e9s pour les entreprises op\u00e9rant en C\u00f4te d\u2019Ivoire et \u00e0 l\u2019international.<\/p>\n<h3><strong>Un Leader Visionnaire et Strat\u00e8ge<\/strong><\/h3>\n<p>M. KADJO est reconnu pour son esprit entrepreneurial et sa profonde connaissance des dynamiques \u00e9conomiques locales et internationales. Gr\u00e2ce \u00e0 son expertise et sa capacit\u00e9 \u00e0 anticiper les besoins du march\u00e9, il a su positionner <strong>STT-INTER<\/strong>\u00a0comme un acteur cl\u00e9 dans les secteurs de la logistique et du transit en Afrique de l\u2019Ouest.<\/p>\n<h3><strong>Un R\u00f4le D\u00e9cisif dans le D\u00e9veloppement de STT-INTER<\/strong><\/h3>\n<p>En tant que Directeur G\u00e9n\u00e9ral, M. KADJO joue un r\u00f4le central dans la gestion et la croissance de l\u2019entreprise :<\/p>\n<ul>\n<li><strong>Strat\u00e9gie et Innovation<\/strong> : Il d\u00e9finit les orientations strat\u00e9giques, veillant \u00e0 ce que <strong>STT-INTER<\/strong>\u00a0reste \u00e0 la pointe des solutions logistiques et de transit.<\/li>\n<li><strong>Leadership Inspirant<\/strong> : En v\u00e9ritable meneur, il mobilise et guide une \u00e9quipe comp\u00e9tente, cultivant un environnement de travail o\u00f9 l\u2019excellence et la r\u00e9activit\u00e9 sont des priorit\u00e9s.<\/li>\n<li><strong>R\u00e9seaux et Partenariats<\/strong> : Il a d\u00e9velopp\u00e9 un vaste r\u00e9seau de partenaires locaux et internationaux, garantissant \u00e0 <strong>STT-INTER<\/strong>\u00a0une couverture efficace des besoins clients dans divers secteurs, tels que le textile, les mati\u00e8res premi\u00e8res, l\u2019\u00e9lectronique, et bien d\u2019autres.<\/li>\n<\/ul>\n<p>[\/vc_column_text][\/vc_column][\/vc_row][vc_row full_width=\u00a0\u00bbstretch_row\u00a0\u00bb css=\u00a0\u00bb.vc_custom_1510286928475{padding-top: 75px !important;padding-bottom: 25px !important;background-color: #f0f0f0 !important;}\u00a0\u00bb][vc_column width=\u00a0\u00bb1\/2&Prime; css=\u00a0\u00bb.vc_custom_1510041463601{margin-bottom: 40px !important;}\u00a0\u00bb offset=\u00a0\u00bbvc_col-lg-3 vc_col-md-6&Prime;][cms_team layout_mode=\u00a0\u00bblayout1&Prime; link=\u00a0\u00bburl:%23|title:Cargo%20Pifour||\u00a0\u00bb options=\u00a0\u00bb%5B%7B%22social_link%22%3A%22%23%22%2C%22icon_class%22%3A%22fa%20fa-facebook%22%7D%2C%7B%22social_link%22%3A%22%23%22%2C%22icon_class%22%3A%22fa%20fa-twitter%22%7D%2C%7B%22social_link%22%3A%22%23%22%2C%22icon_class%22%3A%22fa%20fa-google-plus%22%7D%5D\u00a0\u00bb name=\u00a0\u00bbADJA ABI NADEGE\u00a0\u00bb position=\u00a0\u00bbDirectrice Financi\u00e8re\u00a0\u00bb phone=\u00a0\u00bb+225 07 07 09 86 02&Prime; email=\u00a0\u00bbdirectrice_financiere@stt-inter.com\u00a0\u00bb image=\u00a0\u00bb1937&Prime;][\/vc_column][vc_column width=\u00a0\u00bb1\/2&Prime; css=\u00a0\u00bb.vc_custom_1510041468243{margin-bottom: 40px !important;}\u00a0\u00bb offset=\u00a0\u00bbvc_col-lg-3 vc_col-md-6&Prime;][cms_team layout_mode=\u00a0\u00bblayout1&Prime; link=\u00a0\u00bburl:%23|title:Cargo%20Pifour||\u00a0\u00bb options=\u00a0\u00bb%5B%7B%22social_link%22%3A%22%23%22%2C%22icon_class%22%3A%22fa%20fa-facebook%22%7D%2C%7B%22social_link%22%3A%22%23%22%2C%22icon_class%22%3A%22fa%20fa-twitter%22%7D%2C%7B%22social_link%22%3A%22%23%22%2C%22icon_class%22%3A%22fa%20fa-google-plus%22%7D%5D\u00a0\u00bb image=\u00a0\u00bb1939&Prime; name=\u00a0\u00bbAMANI JAURES CEDRIC LALE\u00a0\u00bb position=\u00a0\u00bbResponsable Ressources Humaines\u00a0\u00bb phone=\u00a0\u00bb+225 01 03 06 62 35&Prime; email=\u00a0\u00bbressources_humaines@stt-inter.com\u00a0\u00bb][\/vc_column][vc_column width=\u00a0\u00bb1\/2&Prime; css=\u00a0\u00bb.vc_custom_1510041474025{margin-bottom: 40px !important;}\u00a0\u00bb offset=\u00a0\u00bbvc_col-lg-3 vc_col-md-6&Prime;][cms_team layout_mode=\u00a0\u00bblayout1&Prime; link=\u00a0\u00bburl:%23|title:Cargo%20Pifour||\u00a0\u00bb options=\u00a0\u00bb%5B%7B%22social_link%22%3A%22%23%22%2C%22icon_class%22%3A%22fa%20fa-facebook%22%7D%2C%7B%22social_link%22%3A%22%23%22%2C%22icon_class%22%3A%22fa%20fa-twitter%22%7D%2C%7B%22social_link%22%3A%22%23%22%2C%22icon_class%22%3A%22fa%20fa-google-plus%22%7D%5D\u00a0\u00bb image=\u00a0\u00bb1947&Prime; name=\u00a0\u00bbKONAN CHANTAL\u00a0\u00bb position=\u00a0\u00bbResponsable Agence d&rsquo;Adjam\u00e9\u00a0\u00bb phone=\u00a0\u00bb+225 05 00 20 04 74&Prime; email=\u00a0\u00bbgroupage_adjame@stt-inter.com\u00a0\u00bb][\/vc_column][vc_column width=\u00a0\u00bb1\/2&Prime; css=\u00a0\u00bb.vc_custom_1510041480442{margin-bottom: 40px !important;}\u00a0\u00bb offset=\u00a0\u00bbvc_col-lg-3 vc_col-md-6&Prime;][cms_team layout_mode=\u00a0\u00bblayout1&Prime; link=\u00a0\u00bburl:%23|title:Cargo%20Pifour||\u00a0\u00bb options=\u00a0\u00bb%5B%7B%22social_link%22%3A%22%23%22%2C%22icon_class%22%3A%22fa%20fa-facebook%22%7D%2C%7B%22social_link%22%3A%22%23%22%2C%22icon_class%22%3A%22fa%20fa-twitter%22%7D%2C%7B%22social_link%22%3A%22%23%22%2C%22icon_class%22%3A%22fa%20fa-google-plus%22%7D%5D\u00a0\u00bb image=\u00a0\u00bb1945&Prime; name=\u00a0\u00bbMON KADEHI THECLE BERTRAND\u00a0\u00bb position=\u00a0\u00bbResponsable D\u00e9clarant et Charg\u00e9 des dossiers Aerien\u00a0\u00bb phone=\u00a0\u00bb+1 212-226-3127&Prime; email=\u00a0\u00bbaerien@stt-inter.com\u00a0\u00bb][\/vc_column][\/vc_row][vc_row full_width=\u00a0\u00bbstretch_row\u00a0\u00bb css=\u00a0\u00bb.vc_custom_1510286906145{padding-top: 5px !important;padding-bottom: 40px !important;background-color: #f0f0f0 !important;}\u00a0\u00bb][vc_column width=\u00a0\u00bb1\/2&Prime; css=\u00a0\u00bb.vc_custom_1510041463601{margin-bottom: 40px !important;}\u00a0\u00bb offset=\u00a0\u00bbvc_col-lg-3 vc_col-md-6&Prime;][cms_team layout_mode=\u00a0\u00bblayout1&Prime; link=\u00a0\u00bburl:%23|title:Cargo%20Pifour||\u00a0\u00bb options=\u00a0\u00bb%5B%7B%22social_link%22%3A%22%23%22%2C%22icon_class%22%3A%22fa%20fa-facebook%22%7D%2C%7B%22social_link%22%3A%22%23%22%2C%22icon_class%22%3A%22fa%20fa-twitter%22%7D%2C%7B%22social_link%22%3A%22%23%22%2C%22icon_class%22%3A%22fa%20fa-google-plus%22%7D%5D\u00a0\u00bb image=\u00a0\u00bb1950&Prime; name=\u00a0\u00bbKABORE ADISSA NELLY CATHERINE\u00a0\u00bb position=\u00a0\u00bbResponsable Maritime\u00a0\u00bb phone=\u00a0\u00bb+1 212-226-3127&Prime; email=\u00a0\u00bbmaritime@stt-inter.com\u00a0\u00bb][\/vc_column][vc_column width=\u00a0\u00bb1\/2&Prime; css=\u00a0\u00bb.vc_custom_1510041468243{margin-bottom: 40px !important;}\u00a0\u00bb offset=\u00a0\u00bbvc_col-lg-3 vc_col-md-6&Prime;][cms_team layout_mode=\u00a0\u00bblayout1&Prime; link=\u00a0\u00bburl:%23|title:Cargo%20Pifour||\u00a0\u00bb options=\u00a0\u00bb%5B%7B%22social_link%22%3A%22%23%22%2C%22icon_class%22%3A%22fa%20fa-facebook%22%7D%2C%7B%22social_link%22%3A%22%23%22%2C%22icon_class%22%3A%22fa%20fa-twitter%22%7D%2C%7B%22social_link%22%3A%22%23%22%2C%22icon_class%22%3A%22fa%20fa-google-plus%22%7D%5D\u00a0\u00bb name=\u00a0\u00bbDIALY AZIA EDWIGE\u00a0\u00bb position=\u00a0\u00bbResponsable Agence A\u00e9roport \u00a0\u00bb phone=\u00a0\u00bb+1 212-226-3127&Prime; email=\u00a0\u00bbgroupageaeroport@stt-inter.com\u00a0\u00bb image=\u00a0\u00bb1953&Prime;][\/vc_column][vc_column width=\u00a0\u00bb1\/2&Prime; css=\u00a0\u00bb.vc_custom_1510041474025{margin-bottom: 40px !important;}\u00a0\u00bb offset=\u00a0\u00bbvc_col-lg-3 vc_col-md-6&Prime;][cms_team layout_mode=\u00a0\u00bblayout1&Prime; link=\u00a0\u00bburl:%23|title:Cargo%20Pifour||\u00a0\u00bb options=\u00a0\u00bb%5B%7B%22social_link%22%3A%22%23%22%2C%22icon_class%22%3A%22fa%20fa-facebook%22%7D%2C%7B%22social_link%22%3A%22%23%22%2C%22icon_class%22%3A%22fa%20fa-twitter%22%7D%2C%7B%22social_link%22%3A%22%23%22%2C%22icon_class%22%3A%22fa%20fa-google-plus%22%7D%5D\u00a0\u00bb image=\u00a0\u00bb1947&Prime; name=\u00a0\u00bbDJAMBITCHE ROHON LINDA VANESSA\u00a0\u00bb position=\u00a0\u00bbResponsable envoie colis\u00a0\u00bb phone=\u00a0\u00bb+1 212-226-3127&Prime; email=\u00a0\u00bbrespogroupage@stt-inter.com\u00a0\u00bb][\/vc_column][vc_column width=\u00a0\u00bb1\/2&Prime; css=\u00a0\u00bb.vc_custom_1510041480442{margin-bottom: 40px !important;}\u00a0\u00bb offset=\u00a0\u00bbvc_col-lg-3 vc_col-md-6&Prime;][cms_team layout_mode=\u00a0\u00bblayout1&Prime; link=\u00a0\u00bburl:%23|title:Cargo%20Pifour||\u00a0\u00bb options=\u00a0\u00bb%5B%7B%22social_link%22%3A%22%23%22%2C%22icon_class%22%3A%22fa%20fa-facebook%22%7D%2C%7B%22social_link%22%3A%22%23%22%2C%22icon_class%22%3A%22fa%20fa-twitter%22%7D%2C%7B%22social_link%22%3A%22%23%22%2C%22icon_class%22%3A%22fa%20fa-google-plus%22%7D%5D\u00a0\u00bb image=\u00a0\u00bb1947&Prime; name=\u00a0\u00bbJagger Thompson\u00a0\u00bb position=\u00a0\u00bbCompany Emplopyee\u00a0\u00bb phone=\u00a0\u00bb+1 212-226-3127&Prime; email=\u00a0\u00bbjaggerthompson@cargopifour.com\u00a0\u00bb][\/vc_column][\/vc_row]<\/p>\n<\/div>","protected":false},"excerpt":{"rendered":"<p>[vc_row css=\u00a0\u00bb.vc_custom_1507714178001{margin-bottom: 60px !important;}\u00a0\u00bb][vc_column width=\u00a0\u00bb1\/3&Prime;][cms_team layout_mode=\u00a0\u00bblayout1&Prime; link=\u00a0\u00bburl:%23|title:Cargo%20Pifour||\u00a0\u00bb options=\u00a0\u00bb%5B%7B%22social_link%22%3A%22%23%22%2C%22icon_class%22%3A%22fa%20fa-facebook%22%7D%2C%7B%22social_link%22%3A%22%23%22%2C%22icon_class%22%3A%22fa%20fa-twitter%22%7D%2C%7B%22social_link%22%3A%22%23%22%2C%22icon_class%22%3A%22fa%20fa-google-plus%22%7D%5D\u00a0\u00bb name=\u00a0\u00bbKADJO W. SERGE PACOME\u00a0\u00bb position=\u00a0\u00bbDirecteur G\u00e9n\u00e9ral\u00a0\u00bb phone=\u00a0\u00bb+225 07 57 29 04 29&Prime; email=\u00a0\u00bbserge_kadjo@stt-inter.com\u00a0\u00bb image=\u00a0\u00bb1929&Prime;][\/vc_column][vc_column width=\u00a0\u00bb2\/3&Prime;][vc_column_text css=\u00a0\u00bb\u00a0\u00bb]M. KADJO W. S. PACOME est le fondateur et Directeur G\u00e9n\u00e9ral de STT-INTER, une entreprise qu&rsquo;il a cr\u00e9\u00e9e en 2017 avec une vision claire : transformer les d\u00e9fis logistiques, de transit et<\/p>\n","protected":false},"author":1,"featured_media":0,"parent":0,"menu_order":0,"comment_status":"closed","ping_status":"open","template":"","meta":{"footnotes":""},"class_list":["post-929","page","type-page","status-publish","hentry"],"_links":{"self":[{"href":"https:\/\/stt-inter.com\/index.php?rest_route=\/wp\/v2\/pages\/929","targetHints":{"allow":["GET"]}}],"collection":[{"href":"https:\/\/stt-inter.com\/index.php?rest_route=\/wp\/v2\/pages"}],"about":[{"href":"https:\/\/stt-inter.com\/index.php?rest_route=\/wp\/v2\/types\/page"}],"author":[{"embeddable":true,"href":"https:\/\/stt-inter.com\/index.php?rest_route=\/wp\/v2\/users\/1"}],"replies":[{"embeddable":true,"href":"https:\/\/stt-inter.com\/index.php?rest_route=%2Fwp%2Fv2%2Fcomments&post=929"}],"version-history":[{"count":24,"href":"https:\/\/stt-inter.com\/index.php?rest_route=\/wp\/v2\/pages\/929\/revisions"}],"predecessor-version":[{"id":1957,"href":"https:\/\/stt-inter.com\/index.php?rest_route=\/wp\/v2\/pages\/929\/revisions\/1957"}],"wp:attachment":[{"href":"https:\/\/stt-inter.com\/index.php?rest_route=%2Fwp%2Fv2%2Fmedia&parent=929"}],"curies":[{"name":"wp","href":"https:\/\/api.w.org\/{rel}","templated":true}]}}